{"id":540,"date":"2019-07-15T16:02:21","date_gmt":"2019-07-15T14:02:21","guid":{"rendered":"http:\/\/arrascyclo.fr\/?page_id=540"},"modified":"2025-12-15T15:34:36","modified_gmt":"2025-12-15T14:34:36","slug":"tarif-licence-2019","status":"publish","type":"page","link":"https:\/\/arrascyclo.fr\/index.php\/page-d-exemple\/tarif-licence-2019\/","title":{"rendered":"Licence 2026"},"content":{"rendered":"<h3 style=\"text-align: left;\">Rappel<\/h3>\n<p><span class=\"gmaildefault\">L<\/span>ors d\u2019une premi\u00e8re adh\u00e9sion<span class=\"gmaildefault\">&nbsp;\u00e0 la F\u00e9d\u00e9ration Fran\u00e7aise de v\u00e9lo,&nbsp; formule&nbsp; \u00ab&nbsp;VELO RANDO&nbsp;\u00bb,&nbsp; d\u2019un renouvellement de licence<\/span>&nbsp;ou&nbsp;<span class=\"gmaildefault\">une simple<\/span>&nbsp;reprise de licence apr\u00e8s&nbsp;<span class=\"gmaildefault\">une&nbsp;interruption de l\u2019activit\u00e9 sportive,&nbsp;vous devrez&nbsp;<\/span>&nbsp;pr\u00e9senter&nbsp;<span style=\"color: #ff0000;\"><strong>un&nbsp;<\/strong><strong><span class=\"gmaildefault\">C<\/span>ertificat&nbsp;<span class=\"gmaildefault\">M<\/span>\u00e9dical de&nbsp;<span class=\"gmaildefault\">N<\/span><\/strong><strong>on<\/strong>&nbsp;<\/span><strong><span style=\"color: #ff0000;\"><span class=\"gmaildefault\">C<\/span>ontre&nbsp;<span class=\"gmaildefault\">I<\/span>ndication \u00e0 la pratique du cyclotourisme<\/span>.<\/strong><span class=\"gmaildefault\">&nbsp;C<\/span>e certificat&nbsp;<span class=\"gmaildefault\">est valable&nbsp;5 Ans.&nbsp; Toutefois,&nbsp; un questionnaire de sant\u00e9&nbsp; nomm\u00e9 : QS-SPORT (Cerfa n\u00b015699*01) vous sera adress\u00e9 chaque ann\u00e9e.&nbsp;&nbsp;<\/span><\/p>\n<\/p>\n\n\n<ul class=\"wp-block-list\">\n<li>Bulletin Adh\u00e9sion 2026 <a href=\"http:\/\/arrascyclo.fr\/wp-content\/uploads\/2025\/12\/Bulletin-dadhesion-club-2026.pdf\" target=\"_blank\" rel=\"noreferrer noopener\">ici<\/a><\/li>\n<\/ul>\n\n\n\n<ul class=\"wp-block-list\">\n<li>Notice d&rsquo;information du licenci\u00e9 2026 \u00e0 signer <a href=\"http:\/\/arrascyclo.fr\/wp-content\/uploads\/2025\/12\/notice-dinformation-licence-FFvelo-2026-.pdf\" target=\"_blank\" rel=\"noreferrer noopener\">ici<\/a><\/li>\n<\/ul>\n\n\n\n<p><\/p>\n\n\n\n<p><\/p>\n\n\n\n<ul class=\"wp-block-list\">\n<li>Questionnaire sant\u00e9 pour personne <strong>+ 18 ans<\/strong> <a href=\"http:\/\/arrascyclo.fr\/wp-content\/uploads\/2025\/12\/QUESTIONNAIRE-SANTE-MAJS2025.pdf\" target=\"_blank\" rel=\"noreferrer noopener\">ici<\/a><\/li>\n\n\n\n<li>Questionnaire sant\u00e9 pour personne <strong>&#8211; 18 ans<\/strong> <a href=\"http:\/\/arrascyclo.fr\/wp-content\/uploads\/2025\/12\/QUESTIONNAIRE_SANTE_JEUNES-1.pdf\" target=\"_blank\" rel=\"noreferrer noopener\">ici<\/a><\/li>\n<\/ul>\n\n\n\n<p><\/p>\n","protected":false},"excerpt":{"rendered":"<p>Rappel Lors d\u2019une premi\u00e8re adh\u00e9sion&nbsp;\u00e0 la F\u00e9d\u00e9ration Fran\u00e7aise de v\u00e9lo,&nbsp; formule&nbsp; \u00ab&nbsp;VELO RANDO&nbsp;\u00bb,&nbsp; d\u2019un renouvellement de licence&nbsp;ou&nbsp;une simple&nbsp;reprise de licence apr\u00e8s&nbsp;une&nbsp;interruption de l\u2019activit\u00e9 sportive,&nbsp;vous devrez&nbsp;&nbsp;pr\u00e9senter&nbsp;un&nbsp;Certificat&nbsp;M\u00e9dical de&nbsp;Non&nbsp;Contre&nbsp;Indication \u00e0 la pratique du cyclotourisme.&nbsp;Ce certificat&nbsp;est valable&nbsp;5 Ans.&nbsp; Toutefois,&nbsp; un questionnaire de sant\u00e9&nbsp; nomm\u00e9 : QS-SPORT (Cerfa n\u00b015699*01) vous sera adress\u00e9 chaque ann\u00e9e.&nbsp;&nbsp;<\/p>\n","protected":false},"author":1,"featured_media":0,"parent":2,"menu_order":3,"comment_status":"closed","ping_status":"closed","template":"","meta":{"footnotes":""},"class_list":["post-540","page","type-page","status-publish","hentry"],"_links":{"self":[{"href":"https:\/\/arrascyclo.fr\/index.php\/wp-json\/wp\/v2\/pages\/540"}],"collection":[{"href":"https:\/\/arrascyclo.fr\/index.php\/wp-json\/wp\/v2\/pages"}],"about":[{"href":"https:\/\/arrascyclo.fr\/index.php\/wp-json\/wp\/v2\/types\/page"}],"author":[{"embeddable":true,"href":"https:\/\/arrascyclo.fr\/index.php\/wp-json\/wp\/v2\/users\/1"}],"replies":[{"embeddable":true,"href":"https:\/\/arrascyclo.fr\/index.php\/wp-json\/wp\/v2\/comments?post=540"}],"version-history":[{"count":33,"href":"https:\/\/arrascyclo.fr\/index.php\/wp-json\/wp\/v2\/pages\/540\/revisions"}],"predecessor-version":[{"id":4174,"href":"https:\/\/arrascyclo.fr\/index.php\/wp-json\/wp\/v2\/pages\/540\/revisions\/4174"}],"up":[{"embeddable":true,"href":"https:\/\/arrascyclo.fr\/index.php\/wp-json\/wp\/v2\/pages\/2"}],"wp:attachment":[{"href":"https:\/\/arrascyclo.fr\/index.php\/wp-json\/wp\/v2\/media?parent=540"}],"curies":[{"name":"wp","href":"https:\/\/api.w.org\/{rel}","templated":true}]}}